{"id":15844,"date":"2024-02-15T10:22:26","date_gmt":"2024-02-15T10:22:26","guid":{"rendered":"http:\/\/192.168.0.134:10115\/?page_id=15844"},"modified":"2024-04-28T20:02:24","modified_gmt":"2024-04-28T20:02:24","slug":"team","status":"publish","type":"page","link":"https:\/\/www.macro.cl\/?page_id=15844","title":{"rendered":"Team"},"content":{"rendered":"\t\t<div data-elementor-type=\"wp-page\" data-elementor-id=\"15844\" class=\"elementor elementor-15844\">\n\t\t\t\t\r\n\t\t<div class=\"default no-position show_shadow rs-sticky-default elementor-element elementor-element-b1750fc e-flex e-con-boxed e-con e-parent\" data-id=\"b1750fc\" data-element_type=\"container\" data-e-type=\"container\">\n\t\t\t\t\t<div class=\"e-con-inner\">\n\t\t\r\n\t\t\t\t<div class=\"elementor-element elementor-element-7023526 elementor-widget elementor-widget-rsteam\" data-id=\"7023526\" data-element_type=\"widget\" data-e-type=\"widget\" data-widget_type=\"rsteam.default\">\n\t\t\t\t<div class=\"elementor-widget-container\">\n\t\t\t\t\t<div class=\"rs-team-grid rs-team team-grid-style1  rsaddon_pro_box \">\r\n\t<div class=\"row\">\r\n\t\t \t\t\t\t\t\t\r\n\t\t\t\t\t<div class=\"col-lg-4 col-md-6 col-xs-1 team-style-column\">\r\n\t\t\t\t\t\t<div class=\"team-item\">\r\n\t\t\t\t\t\t\t<div class=\"team-inner-wrap\">\r\n\t\t\t\t\t\t\t\t<div class=\"image-wrap\">\r\n\t\t\t\t\t\t\t\t\t\t\t\t\t\t\t\t\t\t\t<a href=\"https:\/\/www.macro.cl\/?teams=penelopa-miller\">\r\n\t\t\t\t\t\t\t\t\t\t\t<img fetchpriority=\"high\" decoding=\"async\" width=\"414\" height=\"500\" src=\"https:\/\/www.macro.cl\/web\/wp-content\/uploads\/2024\/03\/Gabriel-Rojas_Macro-414x500.jpg\" class=\"attachment-industrie_team-member-grid size-industrie_team-member-grid wp-post-image\" alt=\"\" \/>\t\t\t\t\t\t\t\t\t\t<\/a>\r\n\t\t\t\t\t\t\t\t\t\t\t\t\t\t\t\t\t\t\t\t\t\t\t\t\t\t\t\t<div class=\"social-icons\">\r\n\t\t\t\t\t\t\t\t\t\t\t<a href=\"#\" class=\"social-icon\"><i class=\"ri-facebook-fill\"><\/i><\/a> <a href=\"#\" class=\"social-icon\"><i class=\"ri-twitter-x-line\"><\/i><\/a><a href=\"#\" class=\"social-icon\"><i class=\"ri-linkedin-fill\"><\/i><\/a>\t\t\t\t\t\t\t        \t<\/div>\r\n\t\t\t\t\t\t\t\t    \t\r\n\t\t\t\t\t\t\t\t<\/div>\r\n\t\t\t\t\t\t\t\t<div class=\"team-content\">\r\n\r\n\t\t\t\t\t\t\t\t\t\t\t\t\t\t\t\t       \t\t<h4 class=\"team-name\">\r\n\t\t\t\t\t\t\t\t\t\t   <a href=\"https:\/\/www.macro.cl\/?teams=penelopa-miller\">\r\n\t\t\t\t\t\t\t\t\t\t\t\tGabriel Rojas Aguirre\t\t\t\t\t\t\t\t\t\t\t<\/a>\r\n\t\t\t\t\t\t\t\t\t\t<\/h4>\r\n\t\t\t\t\t\t\t\t\t\r\n\t\t\t\t\t\t\t        \t\t\t\t\t\t\t\t\t\t<span class=\"team-title\">Director de Gesti\u00f3n Urbana de Proyectos<\/span>\r\n\t\t\t\t\t\t\t\t\t\t\t\t\t\t\t\t\t<\/div>\r\n\t\t\t\t\t\t\t<\/div>\r\n\t\t\t\t\t  \t<\/div>\r\n\t\t\t\t\t<\/div>\r\n\r\n\t\t\t\t<!-- Hidden PupupBox Text -->\r\n\t\t\t\t\r\n\t\t\t\t<div id=\"rs_popupBox4_2050618\" class=\"rspopup_style1  mfp-with-anim mfp-hide\" >\r\n\t\t\t\t\t<div class=\"row\">\r\n\t\t\t\t\t\t<div class=\"col-md-5\">\r\n\t\t\t\t\t\t\t<div class=\"rsteam_img\">\r\n\t\t\t\t\t\t\t\t<img fetchpriority=\"high\" decoding=\"async\" width=\"414\" height=\"500\" src=\"https:\/\/www.macro.cl\/web\/wp-content\/uploads\/2024\/03\/Gabriel-Rojas_Macro-414x500.jpg\" class=\"attachment-industrie_team-member-grid size-industrie_team-member-grid wp-post-image\" alt=\"\" \/>\t\r\n\t\t\t\t\t  \t\t<\/div>\r\n\t\t\t\t\t\t<\/div>\r\n\t\t\t\t\t\t<div class=\"col-md-7\">\r\n\t\t\t\t\t\t\t<div class=\"rsteam_content\">\r\n\t\t\t\t\t\t\t\t<div class=\"team-content\">\r\n\t\t\t\t\t\t\t\t\t<div class=\"team-heading\">\r\n\r\n\t\t\t\t\t\t\t\t\t  \t<h3 class=\"team-name\" >Gabriel Rojas Aguirre<\/h3>\r\n\t\t\t\t\t\t\t\t\t  \t<span class=\"team-title\" >Director de Gesti\u00f3n Urbana de Proyectos<\/span>\r\n\t\t\t\t\t\t\t\t\t<\/div> \r\n\t\t\t\t\t\t\t\t\t\t\t\t\t\t\t\t\t\t<div class=\"team-des\" >\r\n\t\t\t\t\t\t\t\t\t  \t&lt;img width=&quot;470&quot; height=&quot;580&quot; src=&quot;http:\/\/www.macro.cl\/web\/wp-content\/uploads\/2024\/03\/Gabriel-Rojas_Macro.jpg&quot; alt=&quot;&quot; decoding=&quot;async&quot; srcset=&quot;https:\/\/www.macro.cl\/web\/wp-content\/uploads\/2024\/03\/Gabriel-Rojas_Macro.jpg 470w, https:\/\/www.macro.cl\/web\/wp-content\/uploads\/2024\/03\/Gabriel-Rojas_Macro-243x300.jpg 243w&quot; sizes=&quot;(max-width: 470px) 100vw, 470px&quot; \/&gt;\t\t\t\t\n\t\t\t\t\t\t\t\t\t\t\t\tSoy\t\t\t\t\t\n\t\t\t\t&lt;h2&gt;Gabriel Rojas Aguirre&lt;\/h2&gt;\n\t\t\t\t\t&lt;p&gt;Director de Gesti\u00f3n Urbana de Proyectos&lt;\/p&gt;\t\t\t\t\n                            &lt;ul&gt;\n                                            &lt;li&gt;\n                                &lt;h3&gt;Departmento:&lt;\/h3&gt;\n                                &lt;p&gt;Gesti\u00f3n urbana de proyectos&lt;\/p&gt;\n                        &lt;\/li&gt;\n                                            &lt;li&gt;\n                                &lt;h3&gt;Experiencia:&lt;\/h3&gt;\n                                &lt;p&gt;23 A\u00f1os&lt;\/p&gt;\n                        &lt;\/li&gt;\n                                            &lt;li&gt;\n                                &lt;h3&gt;Email:&lt;\/h3&gt;\n                                &lt;p&gt;gra@macro.cl&lt;\/p&gt;\n                        &lt;\/li&gt;\n                                    &lt;\/ul&gt;\n\t\t\t\t\t\t&lt;ul&gt;\n\t\t\t\t\t\t\t&lt;li&gt;&lt;a href=&quot;#&quot;&gt;\n\t\t\t\t&lt;svg aria-hidden=&quot;true&quot; viewBox=&quot;0 0 320 512&quot; xmlns=&quot;http:\/\/www.w3.org\/2000\/svg&quot;&gt;&lt;path d=&quot;M279.14 288l14.22-92.66h-88.91v-60.13c0-25.35 12.42-50.06 52.24-50.06h40.42V6.26S260.43 0 225.36 0c-73.22 0-121.08 44.38-121.08 124.72v70.62H22.89V288h81.39v224h100.17V288z&quot;&gt;&lt;\/path&gt;&lt;\/svg&gt;\t\t\t\t\n\t\t\t\t&lt;\/a&gt;\n\t\t\t\t&lt;\/li&gt;\n\t\t\t\t\t\t\t\t&lt;li&gt;&lt;a href=&quot;#&quot;&gt;\n\t\t\t\t&lt;svg aria-hidden=&quot;true&quot; viewBox=&quot;0 0 448 512&quot; xmlns=&quot;http:\/\/www.w3.org\/2000\/svg&quot;&gt;&lt;path d=&quot;M224.1 141c-63.6 0-114.9 51.3-114.9 114.9s51.3 114.9 114.9 114.9S339 319.5 339 255.9 287.7 141 224.1 141zm0 189.6c-41.1 0-74.7-33.5-74.7-74.7s33.5-74.7 74.7-74.7 74.7 33.5 74.7 74.7-33.6 74.7-74.7 74.7zm146.4-194.3c0 14.9-12 26.8-26.8 26.8-14.9 0-26.8-12-26.8-26.8s12-26.8 26.8-26.8 26.8 12 26.8 26.8zm76.1 27.2c-1.7-35.9-9.9-67.7-36.2-93.9-26.2-26.2-58-34.4-93.9-36.2-37-2.1-147.9-2.1-184.9 0-35.8 1.7-67.6 9.9-93.9 36.1s-34.4 58-36.2 93.9c-2.1 37-2.1 147.9 0 184.9 1.7 35.9 9.9 67.7 36.2 93.9s58 34.4 93.9 36.2c37 2.1 147.9 2.1 184.9 0 35.9-1.7 67.7-9.9 93.9-36.2 26.2-26.2 34.4-58 36.2-93.9 2.1-37 2.1-147.8 0-184.8zM398.8 388c-7.8 19.6-22.9 34.7-42.6 42.6-29.5 11.7-99.5 9-132.1 9s-102.7 2.6-132.1-9c-19.6-7.8-34.7-22.9-42.6-42.6-11.7-29.5-9-99.5-9-132.1s-2.6-102.7 9-132.1c7.8-19.6 22.9-34.7 42.6-42.6 29.5-11.7 99.5-9 132.1-9s102.7-2.6 132.1 9c19.6 7.8 34.7 22.9 42.6 42.6 11.7 29.5 9 99.5 9 132.1s2.7 102.7-9 132.1z&quot;&gt;&lt;\/path&gt;&lt;\/svg&gt;\t\t\t\t\n\t\t\t\t&lt;\/a&gt;\n\t\t\t\t&lt;\/li&gt;\n\t\t\t\t\t\t\t\t&lt;li&gt;&lt;a href=&quot;#&quot;&gt;\n\t\t\t\t&lt;svg aria-hidden=&quot;true&quot; viewBox=&quot;0 0 448 512&quot; xmlns=&quot;http:\/\/www.w3.org\/2000\/svg&quot;&gt;&lt;path d=&quot;M100.28 448H7.4V148.9h92.88zM53.79 108.1C24.09 108.1 0 83.5 0 53.8a53.79 53.79 0 0 1 107.58 0c0 29.7-24.1 54.3-53.79 54.3zM447.9 448h-92.68V302.4c0-34.7-.7-79.2-48.29-79.2-48.29 0-55.69 37.7-55.69 76.7V448h-92.78V148.9h89.08v40.8h1.3c12.4-23.5 42.69-48.3 87.88-48.3 94 0 111.28 61.9 111.28 142.3V448z&quot;&gt;&lt;\/path&gt;&lt;\/svg&gt;\t\t\t\t\n\t\t\t\t&lt;\/a&gt;\n\t\t\t\t&lt;\/li&gt;\n\t\t\t\t\t\t\t&lt;\/ul&gt;\n\t\t\t\t&lt;h3&gt;Biograf\u00eda&lt;\/h3&gt;\n\t\t\t\t\t&lt;p&gt;Arquitecto de la Universidad Cat\u00f3lica de Valpara\u00edso y MBA de la Universidad Adolfo Ib\u00e1\u00f1ez, se inici\u00f3 en diversas oficinas de arquitectura, como la de Fernando Castillo Velasco, para luego desempe\u00f1arse como Director de Obras de la Municipalidad de Colina. Desde el a\u00f1o 2001 es socio de MACRO y dirige el \u00e1rea de gesti\u00f3n urbana y de factibilizaci\u00f3n de proyectos.&lt;\/p&gt;\t\t\t\t\t\t\t\t\t<\/div>\r\n\t\t\t\t\t\t\t\t\t\r\n\r\n\t\t\t\t\t\t\t\t\t\r\n\t\t\t\t\t\t\t\t\t\t\t\t\t\t\t\t\t  \t<div class=\"rs-social-icons\">\r\n\t\t\t\t\t\t\t\t\t\t<div class=\"social-icons1\">\r\n\t\t\t\t\t\t\t\t\t\t\t<a href=\"#\" class=\"social-icon\"><i class=\"ri-facebook-fill\"><\/i><\/a> <a href=\"#\" class=\"social-icon\"><i class=\"ri-twitter-x-line\"><\/i><\/a><a href=\"#\" class=\"social-icon\"><i class=\"ri-linkedin-fill\"><\/i><\/a>\t\t\t\t\t\t\t\t        <\/div>\r\n\t\t\t\t\t\t\t\t  \t<\/div>\r\n\t\t\t\t\t\t\t\t  \t \r\n\t\t\t\t\t\t\t\t<\/div>\r\n\t\t\t\t\t\t\t<\/div>\r\n\t\t\t\t\t\t<\/div>\r\n\t\t\t\t\t<\/div>\r\n\t\t\t\t\t<style>\r\n\t\t\t\t\t\t\t\t\t\t\t\t\t\t\t\t\t\t\t\t\t\t\t\t\t\t\t\t\t\t\t\t\t\t\t<\/style>\r\n\t\t\t\t<\/div>\r\n\r\n\r\n\t\t\t\t\t\t\t\t\t\r\n\t\t\t\t\t<div class=\"col-lg-4 col-md-6 col-xs-1 team-style-column\">\r\n\t\t\t\t\t\t<div class=\"team-item\">\r\n\t\t\t\t\t\t\t<div class=\"team-inner-wrap\">\r\n\t\t\t\t\t\t\t\t<div class=\"image-wrap\">\r\n\t\t\t\t\t\t\t\t\t\t\t\t\t\t\t\t\t\t\t<a href=\"https:\/\/www.macro.cl\/?teams=peter-hase\">\r\n\t\t\t\t\t\t\t\t\t\t\t<img decoding=\"async\" width=\"414\" height=\"500\" src=\"https:\/\/www.macro.cl\/web\/wp-content\/uploads\/2024\/03\/Mario-Ferrecio_Macro-414x500.jpg\" class=\"attachment-industrie_team-member-grid size-industrie_team-member-grid wp-post-image\" alt=\"\" \/>\t\t\t\t\t\t\t\t\t\t<\/a>\r\n\t\t\t\t\t\t\t\t\t\t\t\t\t\t\t\t\t\t\t\t\t\t\t\t\t\t\t\t<div class=\"social-icons\">\r\n\t\t\t\t\t\t\t\t\t\t\t<a href=\"#\" class=\"social-icon\"><i class=\"ri-facebook-fill\"><\/i><\/a> <a href=\"#\" class=\"social-icon\"><i class=\"ri-twitter-x-line\"><\/i><\/a><a href=\"#\" class=\"social-icon\"><i class=\"ri-linkedin-fill\"><\/i><\/a>\t\t\t\t\t\t\t        \t<\/div>\r\n\t\t\t\t\t\t\t\t    \t\r\n\t\t\t\t\t\t\t\t<\/div>\r\n\t\t\t\t\t\t\t\t<div class=\"team-content\">\r\n\r\n\t\t\t\t\t\t\t\t\t\t\t\t\t\t\t\t       \t\t<h4 class=\"team-name\">\r\n\t\t\t\t\t\t\t\t\t\t   <a href=\"https:\/\/www.macro.cl\/?teams=peter-hase\">\r\n\t\t\t\t\t\t\t\t\t\t\t\tMario Ferreccio Pesce\t\t\t\t\t\t\t\t\t\t\t<\/a>\r\n\t\t\t\t\t\t\t\t\t\t<\/h4>\r\n\t\t\t\t\t\t\t\t\t\r\n\t\t\t\t\t\t\t        \t\t\t\t\t\t\t\t\t\t<span class=\"team-title\">Director de Estudios Urbanos y de Mercado<\/span>\r\n\t\t\t\t\t\t\t\t\t\t\t\t\t\t\t\t\t<\/div>\r\n\t\t\t\t\t\t\t<\/div>\r\n\t\t\t\t\t  \t<\/div>\r\n\t\t\t\t\t<\/div>\r\n\r\n\t\t\t\t<!-- Hidden PupupBox Text -->\r\n\t\t\t\t\r\n\t\t\t\t<div id=\"rs_popupBox4_1699980\" class=\"rspopup_style1  mfp-with-anim mfp-hide\" >\r\n\t\t\t\t\t<div class=\"row\">\r\n\t\t\t\t\t\t<div class=\"col-md-5\">\r\n\t\t\t\t\t\t\t<div class=\"rsteam_img\">\r\n\t\t\t\t\t\t\t\t<img decoding=\"async\" width=\"414\" height=\"500\" src=\"https:\/\/www.macro.cl\/web\/wp-content\/uploads\/2024\/03\/Mario-Ferrecio_Macro-414x500.jpg\" class=\"attachment-industrie_team-member-grid size-industrie_team-member-grid wp-post-image\" alt=\"\" \/>\t\r\n\t\t\t\t\t  \t\t<\/div>\r\n\t\t\t\t\t\t<\/div>\r\n\t\t\t\t\t\t<div class=\"col-md-7\">\r\n\t\t\t\t\t\t\t<div class=\"rsteam_content\">\r\n\t\t\t\t\t\t\t\t<div class=\"team-content\">\r\n\t\t\t\t\t\t\t\t\t<div class=\"team-heading\">\r\n\r\n\t\t\t\t\t\t\t\t\t  \t<h3 class=\"team-name\" >Mario Ferreccio Pesce<\/h3>\r\n\t\t\t\t\t\t\t\t\t  \t<span class=\"team-title\" >Director de Estudios Urbanos y de Mercado<\/span>\r\n\t\t\t\t\t\t\t\t\t<\/div> \r\n\t\t\t\t\t\t\t\t\t\t\t\t\t\t\t\t\t\t<div class=\"team-des\" >\r\n\t\t\t\t\t\t\t\t\t  \t&lt;img width=&quot;470&quot; height=&quot;580&quot; src=&quot;http:\/\/www.macro.cl\/web\/wp-content\/uploads\/2024\/03\/Mario-Ferrecio_Macro.jpg&quot; alt=&quot;&quot; decoding=&quot;async&quot; srcset=&quot;https:\/\/www.macro.cl\/web\/wp-content\/uploads\/2024\/03\/Mario-Ferrecio_Macro.jpg 470w, https:\/\/www.macro.cl\/web\/wp-content\/uploads\/2024\/03\/Mario-Ferrecio_Macro-243x300.jpg 243w&quot; sizes=&quot;(max-width: 470px) 100vw, 470px&quot; \/&gt;\t\t\t\t\n\t\t\t\t&lt;h2&gt;Mario Ferreccio Pesce&lt;\/h2&gt;\n\t\t\t\t\t&lt;p&gt;Director de Estudios Urbanos y de Mercado&lt;\/p&gt;\t\t\t\t\n                            &lt;ul&gt;\n                                            &lt;li&gt;\n                                &lt;h3&gt;Departmento:&lt;\/h3&gt;\n                                &lt;p&gt;Proyectos e Investigaciones (DPI)&lt;\/p&gt;\n                        &lt;\/li&gt;\n                                            &lt;li&gt;\n                                &lt;h3&gt;Experiencia:&lt;\/h3&gt;\n                                &lt;p&gt;23 a\u00f1os&lt;\/p&gt;\n                        &lt;\/li&gt;\n                                            &lt;li&gt;\n                                &lt;h3&gt;Email:&lt;\/h3&gt;\n                                &lt;p&gt;mferreccio@macro.cl&lt;\/p&gt;\n                        &lt;\/li&gt;\n                                    &lt;\/ul&gt;\n\t\t\t\t\t\t&lt;ul&gt;\n\t\t\t\t\t\t\t&lt;li&gt;&lt;a href=&quot;#&quot;&gt;\n\t\t\t\t&lt;svg aria-hidden=&quot;true&quot; viewBox=&quot;0 0 320 512&quot; xmlns=&quot;http:\/\/www.w3.org\/2000\/svg&quot;&gt;&lt;path d=&quot;M279.14 288l14.22-92.66h-88.91v-60.13c0-25.35 12.42-50.06 52.24-50.06h40.42V6.26S260.43 0 225.36 0c-73.22 0-121.08 44.38-121.08 124.72v70.62H22.89V288h81.39v224h100.17V288z&quot;&gt;&lt;\/path&gt;&lt;\/svg&gt;\t\t\t\t\n\t\t\t\t&lt;\/a&gt;\n\t\t\t\t&lt;\/li&gt;\n\t\t\t\t\t\t\t\t&lt;li&gt;&lt;a href=&quot;#&quot;&gt;\n\t\t\t\t&lt;svg aria-hidden=&quot;true&quot; viewBox=&quot;0 0 448 512&quot; xmlns=&quot;http:\/\/www.w3.org\/2000\/svg&quot;&gt;&lt;path d=&quot;M224.1 141c-63.6 0-114.9 51.3-114.9 114.9s51.3 114.9 114.9 114.9S339 319.5 339 255.9 287.7 141 224.1 141zm0 189.6c-41.1 0-74.7-33.5-74.7-74.7s33.5-74.7 74.7-74.7 74.7 33.5 74.7 74.7-33.6 74.7-74.7 74.7zm146.4-194.3c0 14.9-12 26.8-26.8 26.8-14.9 0-26.8-12-26.8-26.8s12-26.8 26.8-26.8 26.8 12 26.8 26.8zm76.1 27.2c-1.7-35.9-9.9-67.7-36.2-93.9-26.2-26.2-58-34.4-93.9-36.2-37-2.1-147.9-2.1-184.9 0-35.8 1.7-67.6 9.9-93.9 36.1s-34.4 58-36.2 93.9c-2.1 37-2.1 147.9 0 184.9 1.7 35.9 9.9 67.7 36.2 93.9s58 34.4 93.9 36.2c37 2.1 147.9 2.1 184.9 0 35.9-1.7 67.7-9.9 93.9-36.2 26.2-26.2 34.4-58 36.2-93.9 2.1-37 2.1-147.8 0-184.8zM398.8 388c-7.8 19.6-22.9 34.7-42.6 42.6-29.5 11.7-99.5 9-132.1 9s-102.7 2.6-132.1-9c-19.6-7.8-34.7-22.9-42.6-42.6-11.7-29.5-9-99.5-9-132.1s-2.6-102.7 9-132.1c7.8-19.6 22.9-34.7 42.6-42.6 29.5-11.7 99.5-9 132.1-9s102.7-2.6 132.1 9c19.6 7.8 34.7 22.9 42.6 42.6 11.7 29.5 9 99.5 9 132.1s2.7 102.7-9 132.1z&quot;&gt;&lt;\/path&gt;&lt;\/svg&gt;\t\t\t\t\n\t\t\t\t&lt;\/a&gt;\n\t\t\t\t&lt;\/li&gt;\n\t\t\t\t\t\t\t\t&lt;li&gt;&lt;a href=&quot;#&quot;&gt;\n\t\t\t\t&lt;svg aria-hidden=&quot;true&quot; viewBox=&quot;0 0 448 512&quot; xmlns=&quot;http:\/\/www.w3.org\/2000\/svg&quot;&gt;&lt;path d=&quot;M100.28 448H7.4V148.9h92.88zM53.79 108.1C24.09 108.1 0 83.5 0 53.8a53.79 53.79 0 0 1 107.58 0c0 29.7-24.1 54.3-53.79 54.3zM447.9 448h-92.68V302.4c0-34.7-.7-79.2-48.29-79.2-48.29 0-55.69 37.7-55.69 76.7V448h-92.78V148.9h89.08v40.8h1.3c12.4-23.5 42.69-48.3 87.88-48.3 94 0 111.28 61.9 111.28 142.3V448z&quot;&gt;&lt;\/path&gt;&lt;\/svg&gt;\t\t\t\t\n\t\t\t\t&lt;\/a&gt;\n\t\t\t\t&lt;\/li&gt;\n\t\t\t\t\t\t\t&lt;\/ul&gt;\n\t\t\t\t&lt;h3&gt;Biograf\u00eda&lt;\/h3&gt;\n\t\t\t\t\t&lt;p&gt;Arquitecto de la Universidad Cat\u00f3lica de Santiago, se form\u00f3 en el Departamento de Proyectos e Investigaciones (DPI) de la Faculta de Arquitectura y Bellas Artes de la Universidad Cat\u00f3lica de Santiago, desarrollando estudios de planes reguladores y otros estudios territoriales. Desde el a\u00f1o 2001 es socio de MACRO y dirige el \u00e1rea de estudios urbanos y de mercado.&lt;\/p&gt;\t\t\t\t\t\t\t\t\t<\/div>\r\n\t\t\t\t\t\t\t\t\t\r\n\r\n\t\t\t\t\t\t\t\t\t\r\n\t\t\t\t\t\t\t\t\t\t\t\t\t\t\t\t\t  \t<div class=\"rs-social-icons\">\r\n\t\t\t\t\t\t\t\t\t\t<div class=\"social-icons1\">\r\n\t\t\t\t\t\t\t\t\t\t\t<a href=\"#\" class=\"social-icon\"><i class=\"ri-facebook-fill\"><\/i><\/a> <a href=\"#\" class=\"social-icon\"><i class=\"ri-twitter-x-line\"><\/i><\/a><a href=\"#\" class=\"social-icon\"><i class=\"ri-linkedin-fill\"><\/i><\/a>\t\t\t\t\t\t\t\t        <\/div>\r\n\t\t\t\t\t\t\t\t  \t<\/div>\r\n\t\t\t\t\t\t\t\t  \t \r\n\t\t\t\t\t\t\t\t<\/div>\r\n\t\t\t\t\t\t\t<\/div>\r\n\t\t\t\t\t\t<\/div>\r\n\t\t\t\t\t<\/div>\r\n\t\t\t\t\t<style>\r\n\t\t\t\t\t\t\t\t\t\t\t\t\t\t\t\t\t\t\t\t\t\t\t\t\t\t\t\t\t\t\t\t\t\t\t<\/style>\r\n\t\t\t\t<\/div>\r\n\r\n\r\n\t\t\t\t\t\t\t\t\t\r\n\t\t\t\t\t<div class=\"col-lg-4 col-md-6 col-xs-1 team-style-column\">\r\n\t\t\t\t\t\t<div class=\"team-item\">\r\n\t\t\t\t\t\t\t<div class=\"team-inner-wrap\">\r\n\t\t\t\t\t\t\t\t<div class=\"image-wrap\">\r\n\t\t\t\t\t\t\t\t\t\t\t\t\t\t\t\t\t\t\t<a href=\"https:\/\/www.macro.cl\/?teams=lawrence-peter\">\r\n\t\t\t\t\t\t\t\t\t\t\t<img decoding=\"async\" width=\"414\" height=\"500\" src=\"https:\/\/www.macro.cl\/web\/wp-content\/uploads\/2024\/03\/Jose-Ignacio-Allendes_Macro-414x500.jpg\" class=\"attachment-industrie_team-member-grid size-industrie_team-member-grid wp-post-image\" alt=\"\" \/>\t\t\t\t\t\t\t\t\t\t<\/a>\r\n\t\t\t\t\t\t\t\t\t\t\t\t\t\t\t\t\t\t\t\t\t\t\t\t\t\t\t\t<div class=\"social-icons\">\r\n\t\t\t\t\t\t\t\t\t\t\t<a href=\"#\" class=\"social-icon\"><i class=\"ri-facebook-fill\"><\/i><\/a> <a href=\"#\" class=\"social-icon\"><i class=\"ri-twitter-x-line\"><\/i><\/a><a href=\"#\" class=\"social-icon\"><i class=\"ri-linkedin-fill\"><\/i><\/a>\t\t\t\t\t\t\t        \t<\/div>\r\n\t\t\t\t\t\t\t\t    \t\r\n\t\t\t\t\t\t\t\t<\/div>\r\n\t\t\t\t\t\t\t\t<div class=\"team-content\">\r\n\r\n\t\t\t\t\t\t\t\t\t\t\t\t\t\t\t\t       \t\t<h4 class=\"team-name\">\r\n\t\t\t\t\t\t\t\t\t\t   <a href=\"https:\/\/www.macro.cl\/?teams=lawrence-peter\">\r\n\t\t\t\t\t\t\t\t\t\t\t\tJos\u00e9 Allendes Mar\u00edn\t\t\t\t\t\t\t\t\t\t\t<\/a>\r\n\t\t\t\t\t\t\t\t\t\t<\/h4>\r\n\t\t\t\t\t\t\t\t\t\r\n\t\t\t\t\t\t\t        \t\t\t\t\t\t\t\t\t\t<span class=\"team-title\">Director de Gesti\u00f3n Inmobiliaria<\/span>\r\n\t\t\t\t\t\t\t\t\t\t\t\t\t\t\t\t\t<\/div>\r\n\t\t\t\t\t\t\t<\/div>\r\n\t\t\t\t\t  \t<\/div>\r\n\t\t\t\t\t<\/div>\r\n\r\n\t\t\t\t<!-- Hidden PupupBox Text -->\r\n\t\t\t\t\r\n\t\t\t\t<div id=\"rs_popupBox4_3255340\" class=\"rspopup_style1  mfp-with-anim mfp-hide\" >\r\n\t\t\t\t\t<div class=\"row\">\r\n\t\t\t\t\t\t<div class=\"col-md-5\">\r\n\t\t\t\t\t\t\t<div class=\"rsteam_img\">\r\n\t\t\t\t\t\t\t\t<img decoding=\"async\" width=\"414\" height=\"500\" src=\"https:\/\/www.macro.cl\/web\/wp-content\/uploads\/2024\/03\/Jose-Ignacio-Allendes_Macro-414x500.jpg\" class=\"attachment-industrie_team-member-grid size-industrie_team-member-grid wp-post-image\" alt=\"\" \/>\t\r\n\t\t\t\t\t  \t\t<\/div>\r\n\t\t\t\t\t\t<\/div>\r\n\t\t\t\t\t\t<div class=\"col-md-7\">\r\n\t\t\t\t\t\t\t<div class=\"rsteam_content\">\r\n\t\t\t\t\t\t\t\t<div class=\"team-content\">\r\n\t\t\t\t\t\t\t\t\t<div class=\"team-heading\">\r\n\r\n\t\t\t\t\t\t\t\t\t  \t<h3 class=\"team-name\" >Jos\u00e9 Allendes Mar\u00edn<\/h3>\r\n\t\t\t\t\t\t\t\t\t  \t<span class=\"team-title\" >Director de Gesti\u00f3n Inmobiliaria<\/span>\r\n\t\t\t\t\t\t\t\t\t<\/div> \r\n\t\t\t\t\t\t\t\t\t\t\t\t\t\t\t\t\t\t<div class=\"team-des\" >\r\n\t\t\t\t\t\t\t\t\t  \t&lt;img width=&quot;471&quot; height=&quot;580&quot; src=&quot;http:\/\/www.macro.cl\/web\/wp-content\/uploads\/2024\/03\/Jose-Ignacio-Allendes_Macro.jpg&quot; alt=&quot;&quot; decoding=&quot;async&quot; srcset=&quot;https:\/\/www.macro.cl\/web\/wp-content\/uploads\/2024\/03\/Jose-Ignacio-Allendes_Macro.jpg 471w, https:\/\/www.macro.cl\/web\/wp-content\/uploads\/2024\/03\/Jose-Ignacio-Allendes_Macro-244x300.jpg 244w&quot; sizes=&quot;(max-width: 471px) 100vw, 471px&quot; \/&gt;\t\t\t\t\n\t\t\t\t&lt;h2&gt;Jos\u00e9 Ignacio Allendes Mar\u00edn&lt;\/h2&gt;\n\t\t\t\t\tDirector de Gesti\u00f3n Inmobiliaria\t\t\t\t\n                            &lt;ul&gt;\n                                            &lt;li&gt;\n                                &lt;h3&gt;Departmento:&lt;\/h3&gt;\n                                &lt;p&gt;Gesti\u00f3n Inmobiliaria&lt;\/p&gt;\n                        &lt;\/li&gt;\n                                            &lt;li&gt;\n                                &lt;h3&gt;Experiencia:&lt;\/h3&gt;\n                                &lt;p&gt;23 a\u00f1os&lt;\/p&gt;\n                        &lt;\/li&gt;\n                                            &lt;li&gt;\n                                &lt;h3&gt;Email:&lt;\/h3&gt;\n                                &lt;p&gt;&lt;\/p&gt;\n                        &lt;\/li&gt;\n                                    &lt;\/ul&gt;\n\t\t\t\t\t\t&lt;ul&gt;\n\t\t\t\t\t\t\t&lt;li&gt;&lt;a href=&quot;#&quot;&gt;\n\t\t\t\t&lt;svg aria-hidden=&quot;true&quot; viewBox=&quot;0 0 320 512&quot; xmlns=&quot;http:\/\/www.w3.org\/2000\/svg&quot;&gt;&lt;path d=&quot;M279.14 288l14.22-92.66h-88.91v-60.13c0-25.35 12.42-50.06 52.24-50.06h40.42V6.26S260.43 0 225.36 0c-73.22 0-121.08 44.38-121.08 124.72v70.62H22.89V288h81.39v224h100.17V288z&quot;&gt;&lt;\/path&gt;&lt;\/svg&gt;\t\t\t\t\n\t\t\t\t&lt;\/a&gt;\n\t\t\t\t&lt;\/li&gt;\n\t\t\t\t\t\t\t\t&lt;li&gt;&lt;a href=&quot;#&quot;&gt;\n\t\t\t\t&lt;svg aria-hidden=&quot;true&quot; viewBox=&quot;0 0 448 512&quot; xmlns=&quot;http:\/\/www.w3.org\/2000\/svg&quot;&gt;&lt;path d=&quot;M224.1 141c-63.6 0-114.9 51.3-114.9 114.9s51.3 114.9 114.9 114.9S339 319.5 339 255.9 287.7 141 224.1 141zm0 189.6c-41.1 0-74.7-33.5-74.7-74.7s33.5-74.7 74.7-74.7 74.7 33.5 74.7 74.7-33.6 74.7-74.7 74.7zm146.4-194.3c0 14.9-12 26.8-26.8 26.8-14.9 0-26.8-12-26.8-26.8s12-26.8 26.8-26.8 26.8 12 26.8 26.8zm76.1 27.2c-1.7-35.9-9.9-67.7-36.2-93.9-26.2-26.2-58-34.4-93.9-36.2-37-2.1-147.9-2.1-184.9 0-35.8 1.7-67.6 9.9-93.9 36.1s-34.4 58-36.2 93.9c-2.1 37-2.1 147.9 0 184.9 1.7 35.9 9.9 67.7 36.2 93.9s58 34.4 93.9 36.2c37 2.1 147.9 2.1 184.9 0 35.9-1.7 67.7-9.9 93.9-36.2 26.2-26.2 34.4-58 36.2-93.9 2.1-37 2.1-147.8 0-184.8zM398.8 388c-7.8 19.6-22.9 34.7-42.6 42.6-29.5 11.7-99.5 9-132.1 9s-102.7 2.6-132.1-9c-19.6-7.8-34.7-22.9-42.6-42.6-11.7-29.5-9-99.5-9-132.1s-2.6-102.7 9-132.1c7.8-19.6 22.9-34.7 42.6-42.6 29.5-11.7 99.5-9 132.1-9s102.7-2.6 132.1 9c19.6 7.8 34.7 22.9 42.6 42.6 11.7 29.5 9 99.5 9 132.1s2.7 102.7-9 132.1z&quot;&gt;&lt;\/path&gt;&lt;\/svg&gt;\t\t\t\t\n\t\t\t\t&lt;\/a&gt;\n\t\t\t\t&lt;\/li&gt;\n\t\t\t\t\t\t\t\t&lt;li&gt;&lt;a href=&quot;#&quot;&gt;\n\t\t\t\t&lt;svg aria-hidden=&quot;true&quot; viewBox=&quot;0 0 448 512&quot; xmlns=&quot;http:\/\/www.w3.org\/2000\/svg&quot;&gt;&lt;path d=&quot;M100.28 448H7.4V148.9h92.88zM53.79 108.1C24.09 108.1 0 83.5 0 53.8a53.79 53.79 0 0 1 107.58 0c0 29.7-24.1 54.3-53.79 54.3zM447.9 448h-92.68V302.4c0-34.7-.7-79.2-48.29-79.2-48.29 0-55.69 37.7-55.69 76.7V448h-92.78V148.9h89.08v40.8h1.3c12.4-23.5 42.69-48.3 87.88-48.3 94 0 111.28 61.9 111.28 142.3V448z&quot;&gt;&lt;\/path&gt;&lt;\/svg&gt;\t\t\t\t\n\t\t\t\t&lt;\/a&gt;\n\t\t\t\t&lt;\/li&gt;\n\t\t\t\t\t\t\t&lt;\/ul&gt;\n\t\t\t\t&lt;h3&gt;Biograf\u00eda&lt;\/h3&gt;\t\t\t\t\t\t\t\t\t<\/div>\r\n\t\t\t\t\t\t\t\t\t\r\n\r\n\t\t\t\t\t\t\t\t\t\r\n\t\t\t\t\t\t\t\t\t\t\t\t\t\t\t\t\t  \t<div class=\"rs-social-icons\">\r\n\t\t\t\t\t\t\t\t\t\t<div class=\"social-icons1\">\r\n\t\t\t\t\t\t\t\t\t\t\t<a href=\"#\" class=\"social-icon\"><i class=\"ri-facebook-fill\"><\/i><\/a> <a href=\"#\" class=\"social-icon\"><i class=\"ri-twitter-x-line\"><\/i><\/a><a href=\"#\" class=\"social-icon\"><i class=\"ri-linkedin-fill\"><\/i><\/a>\t\t\t\t\t\t\t\t        <\/div>\r\n\t\t\t\t\t\t\t\t  \t<\/div>\r\n\t\t\t\t\t\t\t\t  \t \r\n\t\t\t\t\t\t\t\t<\/div>\r\n\t\t\t\t\t\t\t<\/div>\r\n\t\t\t\t\t\t<\/div>\r\n\t\t\t\t\t<\/div>\r\n\t\t\t\t\t<style>\r\n\t\t\t\t\t\t\t\t\t\t\t\t\t\t\t\t\t\t\t\t\t\t\t\t\t\t\t\t\t\t\t\t\t\t\t<\/style>\r\n\t\t\t\t<\/div>\r\n\r\n\r\n\t\t\t\t\t\t\t\t\t\r\n\t\t\t\t\t<div class=\"col-lg-4 col-md-6 col-xs-1 team-style-column\">\r\n\t\t\t\t\t\t<div class=\"team-item\">\r\n\t\t\t\t\t\t\t<div class=\"team-inner-wrap\">\r\n\t\t\t\t\t\t\t\t<div class=\"image-wrap\">\r\n\t\t\t\t\t\t\t\t\t\t\t\t\t\t\t\t\t\t\t<a href=\"https:\/\/www.macro.cl\/?teams=bradley-roy\">\r\n\t\t\t\t\t\t\t\t\t\t\t<img loading=\"lazy\" decoding=\"async\" width=\"414\" height=\"500\" src=\"https:\/\/www.macro.cl\/web\/wp-content\/uploads\/2024\/03\/Ivan-Gonzalez_Macro-414x500.jpg\" class=\"attachment-industrie_team-member-grid size-industrie_team-member-grid wp-post-image\" alt=\"\" \/>\t\t\t\t\t\t\t\t\t\t<\/a>\r\n\t\t\t\t\t\t\t\t\t\t\t\t\t\t\t\t\t\t\t\t\t\t\t\t\t\t\t\t<div class=\"social-icons\">\r\n\t\t\t\t\t\t\t\t\t\t\t<a href=\"#\" class=\"social-icon\"><i class=\"ri-facebook-fill\"><\/i><\/a> <a href=\"#\" class=\"social-icon\"><i class=\"ri-twitter-x-line\"><\/i><\/a><a href=\"#\" class=\"social-icon\"><i class=\"ri-linkedin-fill\"><\/i><\/a>\t\t\t\t\t\t\t        \t<\/div>\r\n\t\t\t\t\t\t\t\t    \t\r\n\t\t\t\t\t\t\t\t<\/div>\r\n\t\t\t\t\t\t\t\t<div class=\"team-content\">\r\n\r\n\t\t\t\t\t\t\t\t\t\t\t\t\t\t\t\t       \t\t<h4 class=\"team-name\">\r\n\t\t\t\t\t\t\t\t\t\t   <a href=\"https:\/\/www.macro.cl\/?teams=bradley-roy\">\r\n\t\t\t\t\t\t\t\t\t\t\t\tIv\u00e1n Gonz\u00e1lez G\u00e1lvez\t\t\t\t\t\t\t\t\t\t\t<\/a>\r\n\t\t\t\t\t\t\t\t\t\t<\/h4>\r\n\t\t\t\t\t\t\t\t\t\r\n\t\t\t\t\t\t\t        \t\t\t\t\t\t\t\t\t\t<span class=\"team-title\">Director de Arquitectura y Dise\u00f1o Urbano<\/span>\r\n\t\t\t\t\t\t\t\t\t\t\t\t\t\t\t\t\t<\/div>\r\n\t\t\t\t\t\t\t<\/div>\r\n\t\t\t\t\t  \t<\/div>\r\n\t\t\t\t\t<\/div>\r\n\r\n\t\t\t\t<!-- Hidden PupupBox Text -->\r\n\t\t\t\t\r\n\t\t\t\t<div id=\"rs_popupBox4_2288974\" class=\"rspopup_style1  mfp-with-anim mfp-hide\" >\r\n\t\t\t\t\t<div class=\"row\">\r\n\t\t\t\t\t\t<div class=\"col-md-5\">\r\n\t\t\t\t\t\t\t<div class=\"rsteam_img\">\r\n\t\t\t\t\t\t\t\t<img loading=\"lazy\" decoding=\"async\" width=\"414\" height=\"500\" src=\"https:\/\/www.macro.cl\/web\/wp-content\/uploads\/2024\/03\/Ivan-Gonzalez_Macro-414x500.jpg\" class=\"attachment-industrie_team-member-grid size-industrie_team-member-grid wp-post-image\" alt=\"\" \/>\t\r\n\t\t\t\t\t  \t\t<\/div>\r\n\t\t\t\t\t\t<\/div>\r\n\t\t\t\t\t\t<div class=\"col-md-7\">\r\n\t\t\t\t\t\t\t<div class=\"rsteam_content\">\r\n\t\t\t\t\t\t\t\t<div class=\"team-content\">\r\n\t\t\t\t\t\t\t\t\t<div class=\"team-heading\">\r\n\r\n\t\t\t\t\t\t\t\t\t  \t<h3 class=\"team-name\" >Iv\u00e1n Gonz\u00e1lez G\u00e1lvez<\/h3>\r\n\t\t\t\t\t\t\t\t\t  \t<span class=\"team-title\" >Director de Arquitectura y Dise\u00f1o Urbano<\/span>\r\n\t\t\t\t\t\t\t\t\t<\/div> \r\n\t\t\t\t\t\t\t\t\t\t\t\t\t\t\t\t\t\t<div class=\"team-des\" >\r\n\t\t\t\t\t\t\t\t\t  \t&lt;img width=&quot;470&quot; height=&quot;580&quot; src=&quot;http:\/\/www.macro.cl\/web\/wp-content\/uploads\/2024\/03\/Ivan-Gonzalez_Macro.jpg&quot; alt=&quot;&quot; decoding=&quot;async&quot; srcset=&quot;https:\/\/www.macro.cl\/web\/wp-content\/uploads\/2024\/03\/Ivan-Gonzalez_Macro.jpg 470w, https:\/\/www.macro.cl\/web\/wp-content\/uploads\/2024\/03\/Ivan-Gonzalez_Macro-243x300.jpg 243w&quot; sizes=&quot;(max-width: 470px) 100vw, 470px&quot; \/&gt;\t\t\t\t\n\t\t\t\t&lt;h2&gt;Iv\u00e1n Gonz\u00e1lez G\u00e1lvez\n&lt;\/h2&gt;\n\t\t\t\t\t&lt;p&gt;Director de Arquitectura y Dise\u00f1o Urbano&lt;\/p&gt;\t\t\t\t\n                            &lt;ul&gt;\n                                            &lt;li&gt;\n                                &lt;h3&gt;Departmento:&lt;\/h3&gt;\n                                &lt;p&gt;Arquitectura y Dise\u00f1o Urbano&lt;\/p&gt;\n                        &lt;\/li&gt;\n                                            &lt;li&gt;\n                                &lt;h3&gt;Experiencia:&lt;\/h3&gt;\n                                &lt;p&gt;23 a\u00f1os&lt;\/p&gt;\n                        &lt;\/li&gt;\n                                            &lt;li&gt;\n                                &lt;h3&gt;Email:&lt;\/h3&gt;\n                                &lt;p&gt;ivangonzalez@macro.cl&lt;\/p&gt;\n                        &lt;\/li&gt;\n                                    &lt;\/ul&gt;\n\t\t\t\t\t\t&lt;ul&gt;\n\t\t\t\t\t\t\t&lt;li&gt;&lt;a href=&quot;#&quot;&gt;\n\t\t\t\t&lt;svg aria-hidden=&quot;true&quot; viewBox=&quot;0 0 320 512&quot; xmlns=&quot;http:\/\/www.w3.org\/2000\/svg&quot;&gt;&lt;path d=&quot;M279.14 288l14.22-92.66h-88.91v-60.13c0-25.35 12.42-50.06 52.24-50.06h40.42V6.26S260.43 0 225.36 0c-73.22 0-121.08 44.38-121.08 124.72v70.62H22.89V288h81.39v224h100.17V288z&quot;&gt;&lt;\/path&gt;&lt;\/svg&gt;\t\t\t\t\n\t\t\t\t&lt;\/a&gt;\n\t\t\t\t&lt;\/li&gt;\n\t\t\t\t\t\t\t\t&lt;li&gt;&lt;a href=&quot;#&quot;&gt;\n\t\t\t\t&lt;svg aria-hidden=&quot;true&quot; viewBox=&quot;0 0 448 512&quot; xmlns=&quot;http:\/\/www.w3.org\/2000\/svg&quot;&gt;&lt;path d=&quot;M224.1 141c-63.6 0-114.9 51.3-114.9 114.9s51.3 114.9 114.9 114.9S339 319.5 339 255.9 287.7 141 224.1 141zm0 189.6c-41.1 0-74.7-33.5-74.7-74.7s33.5-74.7 74.7-74.7 74.7 33.5 74.7 74.7-33.6 74.7-74.7 74.7zm146.4-194.3c0 14.9-12 26.8-26.8 26.8-14.9 0-26.8-12-26.8-26.8s12-26.8 26.8-26.8 26.8 12 26.8 26.8zm76.1 27.2c-1.7-35.9-9.9-67.7-36.2-93.9-26.2-26.2-58-34.4-93.9-36.2-37-2.1-147.9-2.1-184.9 0-35.8 1.7-67.6 9.9-93.9 36.1s-34.4 58-36.2 93.9c-2.1 37-2.1 147.9 0 184.9 1.7 35.9 9.9 67.7 36.2 93.9s58 34.4 93.9 36.2c37 2.1 147.9 2.1 184.9 0 35.9-1.7 67.7-9.9 93.9-36.2 26.2-26.2 34.4-58 36.2-93.9 2.1-37 2.1-147.8 0-184.8zM398.8 388c-7.8 19.6-22.9 34.7-42.6 42.6-29.5 11.7-99.5 9-132.1 9s-102.7 2.6-132.1-9c-19.6-7.8-34.7-22.9-42.6-42.6-11.7-29.5-9-99.5-9-132.1s-2.6-102.7 9-132.1c7.8-19.6 22.9-34.7 42.6-42.6 29.5-11.7 99.5-9 132.1-9s102.7-2.6 132.1 9c19.6 7.8 34.7 22.9 42.6 42.6 11.7 29.5 9 99.5 9 132.1s2.7 102.7-9 132.1z&quot;&gt;&lt;\/path&gt;&lt;\/svg&gt;\t\t\t\t\n\t\t\t\t&lt;\/a&gt;\n\t\t\t\t&lt;\/li&gt;\n\t\t\t\t\t\t\t\t&lt;li&gt;&lt;a href=&quot;#&quot;&gt;\n\t\t\t\t&lt;svg aria-hidden=&quot;true&quot; viewBox=&quot;0 0 448 512&quot; xmlns=&quot;http:\/\/www.w3.org\/2000\/svg&quot;&gt;&lt;path d=&quot;M100.28 448H7.4V148.9h92.88zM53.79 108.1C24.09 108.1 0 83.5 0 53.8a53.79 53.79 0 0 1 107.58 0c0 29.7-24.1 54.3-53.79 54.3zM447.9 448h-92.68V302.4c0-34.7-.7-79.2-48.29-79.2-48.29 0-55.69 37.7-55.69 76.7V448h-92.78V148.9h89.08v40.8h1.3c12.4-23.5 42.69-48.3 87.88-48.3 94 0 111.28 61.9 111.28 142.3V448z&quot;&gt;&lt;\/path&gt;&lt;\/svg&gt;\t\t\t\t\n\t\t\t\t&lt;\/a&gt;\n\t\t\t\t&lt;\/li&gt;\n\t\t\t\t\t\t\t&lt;\/ul&gt;\n\t\t\t\t&lt;h3&gt;Biograf\u00eda&lt;\/h3&gt;\n\t\t\t\t\t&lt;p&gt;Arquitecto de la Universidad Cat\u00f3lica de Santiago, desarroll\u00f3 su carrera profesional principalmente en la oficina BL Arquitectos (Benkel y Larra\u00edn) por m\u00e1s de 10 a\u00f1os, participando en innumerables proyectos de loteo y arquitectura de casas y edificios. Desde el a\u00f1o 2010 es socio de MACRO y dirige el \u00e1rea de arquitectura y dise\u00f1o urbano.&lt;\/p&gt;\t\t\t\t\t\t\t\t\t<\/div>\r\n\t\t\t\t\t\t\t\t\t\r\n\r\n\t\t\t\t\t\t\t\t\t\r\n\t\t\t\t\t\t\t\t\t\t\t\t\t\t\t\t\t  \t<div class=\"rs-social-icons\">\r\n\t\t\t\t\t\t\t\t\t\t<div class=\"social-icons1\">\r\n\t\t\t\t\t\t\t\t\t\t\t<a href=\"#\" class=\"social-icon\"><i class=\"ri-facebook-fill\"><\/i><\/a> <a href=\"#\" class=\"social-icon\"><i class=\"ri-twitter-x-line\"><\/i><\/a><a href=\"#\" class=\"social-icon\"><i class=\"ri-linkedin-fill\"><\/i><\/a>\t\t\t\t\t\t\t\t        <\/div>\r\n\t\t\t\t\t\t\t\t  \t<\/div>\r\n\t\t\t\t\t\t\t\t  \t \r\n\t\t\t\t\t\t\t\t<\/div>\r\n\t\t\t\t\t\t\t<\/div>\r\n\t\t\t\t\t\t<\/div>\r\n\t\t\t\t\t<\/div>\r\n\t\t\t\t\t<style>\r\n\t\t\t\t\t\t\t\t\t\t\t\t\t\t\t\t\t\t\t\t\t\t\t\t\t\t\t\t\t\t\t\t\t\t\t<\/style>\r\n\t\t\t\t<\/div>\r\n\r\n\r\n\t\t\t\t  \r\n\t<\/div>\r\n<\/div>\t\t\t\t<\/div>\n\t\t\t\t<\/div>\n\t\t\t\t\t<\/div>\n\t\t\t\t<\/div>\n\t\t\t\t<\/div>\n\t\t","protected":false},"excerpt":{"rendered":"<p>Peter Hase Sr. Engineer Peter Hase Sr. Engineer &lt;img src=&quot;https:\/\/demo.rstheme.com\/wordpress\/industrie\/pkg\/wp-content\/uploads\/2024\/02\/tem_6.jpg&quot; sizes=&quot;(max-width: 768px) 100vw, 768px&quot; srcset=&quot;https:\/\/demo.rstheme.com\/wordpress\/industrie\/pkg\/wp-content\/uploads\/2024\/02\/tem_6.jpg 768w, https:\/\/demo.rstheme.com\/wordpress\/industrie\/pkg\/wp-content\/uploads\/2024\/02\/tem_6-248&#215;300.jpg 248w, https:\/\/demo.rstheme.com\/wordpress\/industrie\/pkg\/wp-content\/uploads\/2024\/02\/tem_6-414&#215;500.jpg 414w&quot; alt=&quot;&quot; width=&quot;768&quot; height=&quot;928&quot; \/&gt; &lt;h4&gt;Let\u2019s Get in Touch&lt;\/h4&gt; The point of using Lorem Ipsum is that it has more-or-less normal &lt;form action=&quot;\/wp-admin\/admin-ajax.php#wpcf7-f4295-o1&quot; method=&quot;post&quot; novalidate=&quot;novalidate&quot; aria-label=&quot;Contact form&quot; data-status=&quot;init&quot;&gt;&lt;input name=&quot;_wpcf7&quot; type=&quot;hidden&quot; value=&quot;4295&quot; \/&gt; &lt;input name=&quot;_wpcf7_version&quot; type=&quot;hidden&quot; value=&quot;5.8.7&quot;&#8230;<\/p>\n","protected":false},"author":1,"featured_media":0,"parent":0,"menu_order":0,"comment_status":"closed","ping_status":"closed","template":"elementor_header_footer","meta":{"footnotes":""},"class_list":["post-15844","page","type-page","status-publish","hentry"],"aioseo_notices":[],"_links":{"self":[{"href":"https:\/\/www.macro.cl\/index.php?rest_route=\/wp\/v2\/pages\/15844","targetHints":{"allow":["GET"]}}],"collection":[{"href":"https:\/\/www.macro.cl\/index.php?rest_route=\/wp\/v2\/pages"}],"about":[{"href":"https:\/\/www.macro.cl\/index.php?rest_route=\/wp\/v2\/types\/page"}],"author":[{"embeddable":true,"href":"https:\/\/www.macro.cl\/index.php?rest_route=\/wp\/v2\/users\/1"}],"replies":[{"embeddable":true,"href":"https:\/\/www.macro.cl\/index.php?rest_route=%2Fwp%2Fv2%2Fcomments&post=15844"}],"version-history":[{"count":1,"href":"https:\/\/www.macro.cl\/index.php?rest_route=\/wp\/v2\/pages\/15844\/revisions"}],"predecessor-version":[{"id":29415,"href":"https:\/\/www.macro.cl\/index.php?rest_route=\/wp\/v2\/pages\/15844\/revisions\/29415"}],"wp:attachment":[{"href":"https:\/\/www.macro.cl\/index.php?rest_route=%2Fwp%2Fv2%2Fmedia&parent=15844"}],"curies":[{"name":"wp","href":"https:\/\/api.w.org\/{rel}","templated":true}]}}